{"id":11873,"date":"2026-04-23T09:48:49","date_gmt":"2026-04-23T07:48:49","guid":{"rendered":"\/2025\/?page_id=11873"},"modified":"2026-04-23T10:11:48","modified_gmt":"2026-04-23T08:11:48","slug":"pilot-festival-2025-open-call","status":"publish","type":"page","link":"\/2025\/pilot-festival-2025-open-call\/","title":{"rendered":"Pilot-Festival-2025 \u2013 Open Call"},"content":{"rendered":"\n<h1 class=\"wp-block-heading\">ETOM 2025 pilot Festival &amp; Conference<\/h1>\n\n\n\n<h2 class=\"wp-block-heading\">Outline, Announcement and Open Call<\/h2>\n\n\n\n<h3 class=\"wp-block-heading pb-3\">This years first &#8222;ETOM2025pilot Festival &amp; Conference&#8220; is the pilot edition for the &#8222;ETOM \u2013 European Triennial of Modernism&#8220;, a decentralized triennial festival on the diverse heritage and future of Modernism. The topic of the &#8222;ETOM2025pilot&#8220; is &#8222;MODERNISM#progressiveheritage&#8220; and serves as a starting point for a discussion about different approaches towards Modernism. The core question is: How can we make our joint progressive heritage of Modernism productive, to derive answers for pressing current and prospective questions for a liberal and sustainable future?\u00a0<\/h3>\n\n\n\n<div class=\"wp-block-columns is-layout-flex wp-container-core-columns-is-layout-1 wp-block-columns-is-layout-flex\">\n<div class=\"wp-block-column is-layout-flow wp-block-column-is-layout-flow\" style=\"flex-basis:66%\">\n<figure class=\"wp-block-image size-large pb-2\"><img loading=\"lazy\" decoding=\"async\" width=\"1024\" height=\"682\" src=\"\/2025\/wp-content\/uploads\/sites\/11\/2025\/11\/ETOM2025festival_Visual-Logo-1024x682.jpg\" alt=\"\" class=\"wp-image-11262\" srcset=\"\/2025\/wp-content\/uploads\/sites\/11\/2025\/11\/ETOM2025festival_Visual-Logo-1024x682.jpg 1024w, \/2025\/wp-content\/uploads\/sites\/11\/2025\/11\/ETOM2025festival_Visual-Logo-300x200.jpg 300w, \/2025\/wp-content\/uploads\/sites\/11\/2025\/11\/ETOM2025festival_Visual-Logo-768x511.jpg 768w, \/2025\/wp-content\/uploads\/sites\/11\/2025\/11\/ETOM2025festival_Visual-Logo-1536x1022.jpg 1536w, \/2025\/wp-content\/uploads\/sites\/11\/2025\/11\/ETOM2025festival_Visual-Logo-2048x1363.jpg 2048w\" sizes=\"(max-width: 1024px) 100vw, 1024px\" \/><figcaption class=\"wp-element-caption\">Visual of ETOM2025-pilots (Design: buschfeld.com)<\/figcaption><\/figure>\n\n\n\n<hr class=\"wp-block-separator has-alpha-channel-opacity\"\/>\n\n\n\n<h1 class=\"wp-block-heading pb-3\">Save the Date: 28+29 Nov 2025<\/h1>\n\n\n\n<h1 class=\"wp-block-heading\">ETOM2025pilot Festival &amp; Conference<\/h1>\n\n\n\n<h2 class=\"wp-block-heading pb-3\">MODERNISM#progressiveheritage<\/h2>\n\n\n\n<ul class=\"wp-block-list\">\n<li><strong><a href=\"\/2025\/etom2025pilot-conference\/\">ETOM2025pilot-Conference<\/a><\/strong><\/li>\n\n\n\n<li><strong><a href=\"\/2025\/etom2025pilot-festival\/\">ETOM2025pilot-Festival<\/a><\/strong><\/li>\n<\/ul>\n\n\n\n<p>The &#8222;European Triennial of Modernism (ETOM)&#8220; is a co-creation platform and an official Lab project of the &#8222;New European Bauhaus&#8220; (NEB) on trans-European Modernism and its progressive heritage. <\/p>\n\n\n\n<p>This years first &#8222;ETOM2025pilot Festival &amp; Conference&#8220; is the pilot edition for the &#8222;ETOM \u2013 European Triennial of Modernism&#8220;, a decentralized triennial festival on the diverse heritage and future of Modernism. The topic of the &#8222;ETOM2025pilot&#8220; is &#8222;MODERNISM#progressiveheritage&#8220;.<\/p>\n\n\n\n<p>It is associated with the <a href=\"https:\/\/triennale-der-moderne.de\">Triennale der Moderne<\/a>&nbsp;(Triennial of Modernism), an already established supraregional German festival with some program in&nbsp;<a href=\"\/2025\/dessau-programm\/\">Dessau<\/a>&nbsp;and&nbsp;<a href=\"\/2025\/weimar-programm\/\">Weimar<\/a>&nbsp;and an extensive&nbsp;<a href=\"\/2025\/berlin-programm\/\">program in Berlin<\/a>, The festival programs of both the &#8222;ETOM2025pilot&#8220; edition and the Triennial of Modernism will take place from September 25th to December 14th, 2025.<\/p>\n\n\n\n<p class=\"pb-4\">The &#8222;ETOM2025pilot Festival &amp; Conference&#8220; is presented by the &#8222;ETOM NEB Lab&#8220;, within the framework of the &#8222;NEB \u2013 New European Bauhaus&#8220;, featured by DOCOMOMO international and ICOMOS international.<\/p>\n\n\n\n<hr class=\"wp-block-separator has-alpha-channel-opacity\"\/>\n\n\n\n<h2 class=\"wp-block-heading\">Call for participation \u2014 MODERNISM#progressiveheritage<\/h2>\n\n\n\n<h3 class=\"wp-block-heading pb-3\">International conference for the &#8222;ETOM2025pilot-Festival&#8220;<br>Date: 28th and 29th November 2025<br>Location: Berlin, venue: will be announced soon<\/h3>\n\n\n\n<p>The Call \u2013 for the second section of the conference \u2013 asks for keystudies of current and exemplary architectural\/urban (conversion) projects which shall be introduced with (short) keystudy-presentations for a substantial analysis\/comparison of projects focusing mainly on socio-cultural community\/municipal buildings of late Modernism or &#8222;Brutalism&#8220; in particular.<\/p>\n\n\n\n<p><strong>The projects and keystudy-presentations should thus reflect the following two questions:&nbsp;<\/strong><\/p>\n\n\n\n<ul class=\"wp-block-list\">\n<li>&nbsp;Modern neighborhoods \u2013 what role play such late modern or &#8222;brutalist&#8220; community\/municipal buildings in-between social cohesion and sustainable transformation?<\/li>\n\n\n\n<li>Focus: How to revitalize\/reuse the heritage and roles of brutalist-modern community\/socio-cultural buildings within the conditions of different (large settlements to heterogenous neighborhoods) and changing urban environments?<\/li>\n<\/ul>\n\n\n\n<p><strong>The keystudy-presentations shall focus on originally intended community\/socio-cultural buildings and refer to projects as for instance:<\/strong><\/p>\n\n\n\n<ul class=\"wp-block-list\">\n<li>&nbsp;successful projection of community\/socio-cultural buildings and its functions for today\u2019s needs and services<\/li>\n\n\n\n<li>&nbsp;successful conversion along with progressive ways of protection (adaptive reuse and innovative reuse strategies) to improve its community\/socio-cultural functions for today<\/li>\n\n\n\n<li>ambivalent projects which protected the substance (heritage) but stripped out or changed the social functions, or projects which failed to protect the substance but kept or improved the intended public functions&nbsp;<\/li>\n\n\n\n<li>beside originally intended community\/socio-cultural buildings, also projects on department stores or retail buildings (or comparable) which severed full services incorporating a social or broad societal function will be of interest<\/li>\n\n\n\n<li class=\"pb-3\">See PDF for <a href=\"\/2025\/wp-content\/uploads\/sites\/11\/2025\/09\/ETOM2025pilot_conference_CALL_ETOM-NEB-Lab_BHROX-zkg2025-08.docx.pdf\" target=\"_blank\" rel=\"noreferrer noopener\">full details of the call<\/a> <\/li>\n<\/ul>\n\n\n\n<h2 class=\"wp-block-heading has-text-align-right pb-3\"><a href=\"\/2025\/wp-content\/uploads\/sites\/11\/2025\/09\/ETOM2025pilot_conference_CALL_ETOM-NEB-Lab_BHROX-zkg2025-08.docx.pdf\">Call for Participation<\/a>   <\/h2>\n\n\n\n<hr class=\"wp-block-separator has-alpha-channel-opacity\"\/>\n\n\n\n<h1 class=\"wp-block-heading pb-4\">Stay tuned via Social Media<\/h1>\n\n\n\n<figure class=\"wp-block-image size-large\"><img loading=\"lazy\" decoding=\"async\" width=\"1024\" height=\"454\" src=\"\/2022\/wp-content\/uploads\/sites\/8\/2022\/09\/TDM-2022_Visual_TDM-Web-1024x454.png\" alt=\"\" class=\"wp-image-3565\" srcset=\"\/2025\/wp-content\/uploads\/sites\/11\/2022\/09\/TDM-2022_Visual_TDM-Web-1024x454.png 1024w, \/2025\/wp-content\/uploads\/sites\/11\/2022\/09\/TDM-2022_Visual_TDM-Web-300x133.png 300w, \/2025\/wp-content\/uploads\/sites\/11\/2022\/09\/TDM-2022_Visual_TDM-Web-768x340.png 768w, \/2025\/wp-content\/uploads\/sites\/11\/2022\/09\/TDM-2022_Visual_TDM-Web-1536x680.png 1536w, \/2025\/wp-content\/uploads\/sites\/11\/2022\/09\/TDM-2022_Visual_TDM-Web-2048x907.png 2048w\" sizes=\"(max-width: 1024px) 100vw, 1024px\" \/><\/figure>\n\n\n\n<p><\/p>\n\n\n\n<ul class=\"wp-block-list\">\n<li><strong><a href=\"https:\/\/www.facebook.com\/TriennaleDerModerne\" target=\"_blank\" rel=\"noreferrer noopener\">Facebook<\/a><\/strong> (#TriennaleDerModerne)<\/li>\n\n\n\n<li><strong><a href=\"https:\/\/twitter.com\/TdModerne\/\">Twitter<\/a><\/strong> (@TdModerne)<\/li>\n\n\n\n<li><strong><a href=\"https:\/\/www.instagram.com\/triennale_der_moderne\/\">Instagram<\/a><\/strong> (@triennale_der_moderne)<\/li>\n\n\n\n<li><strong><a href=\"https:\/\/www.youtube.com\/channel\/UCSEBVtLlkQF0m28O2qE8icg\">Youtube<\/a><\/strong>&nbsp;(#Triennale-der-Moderne)<\/li>\n<\/ul>\n<\/div>\n\n\n\n<div class=\"wp-block-column is-layout-flow wp-block-column-is-layout-flow\" style=\"flex-basis:30%\">\n<figure class=\"wp-block-image size-large pb-2\"><img loading=\"lazy\" decoding=\"async\" width=\"1024\" height=\"689\" src=\"\/2022\/wp-content\/uploads\/sites\/8\/2023\/08\/ETOM-2023_Logo-Visual-1024x689.jpg\" alt=\"\" class=\"wp-image-4822\" srcset=\"\/2025\/wp-content\/uploads\/sites\/11\/2023\/08\/ETOM-2023_Logo-Visual-1024x689.jpg 1024w, \/2025\/wp-content\/uploads\/sites\/11\/2023\/08\/ETOM-2023_Logo-Visual-300x202.jpg 300w, \/2025\/wp-content\/uploads\/sites\/11\/2023\/08\/ETOM-2023_Logo-Visual-768x517.jpg 768w, \/2025\/wp-content\/uploads\/sites\/11\/2023\/08\/ETOM-2023_Logo-Visual-1536x1034.jpg 1536w, \/2025\/wp-content\/uploads\/sites\/11\/2023\/08\/ETOM-2023_Logo-Visual-2048x1378.jpg 2048w\" sizes=\"(max-width: 1024px) 100vw, 1024px\" \/><\/figure>\n\n\n\n<figure class=\"wp-block-image size-large pb-2\"><img loading=\"lazy\" decoding=\"async\" width=\"1024\" height=\"256\" src=\"\/2022\/wp-content\/uploads\/sites\/8\/2024\/10\/NEB_logo_small_horizontal-1024x256.png\" alt=\"\" class=\"wp-image-7441\" srcset=\"\/2025\/wp-content\/uploads\/sites\/11\/2024\/10\/NEB_logo_small_horizontal-1024x256.png 1024w, \/2025\/wp-content\/uploads\/sites\/11\/2024\/10\/NEB_logo_small_horizontal-300x75.png 300w, \/2025\/wp-content\/uploads\/sites\/11\/2024\/10\/NEB_logo_small_horizontal-768x192.png 768w, \/2025\/wp-content\/uploads\/sites\/11\/2024\/10\/NEB_logo_small_horizontal.png 1038w\" sizes=\"(max-width: 1024px) 100vw, 1024px\" \/><\/figure>\n\n\n\n<h1 class=\"wp-block-heading\">Partners of the ETOM-Initiative:<\/h1>\n\n\n\n<hr class=\"wp-block-separator has-css-opacity\"\/>\n\n\n\n<h3 class=\"wp-block-heading\"><\/h3>\n\n\n\n<p><strong>Initiated by<\/strong><br>\u2022 BHROX bauhaus reuse \/ zukunftsgeraeusche GbR (zkg), Robert K. Huber, Berlin<br>\u2022 buschfeld.com \/ Ben Buschfeld (BB), Berlin<\/p>\n\n\n\n<p class=\"pb-1\"><strong>Development supported by<\/strong><br>\u2022 Landesdenkmalamt Berlin (LDA)<br>\u2022 Bundesministerium f\u00fcr Wohnen, Stadtentwicklung und Bauwesen (BMWSB)<\/p>\n\n\n\n<p class=\"pb-1\"><strong>German Partners<\/strong><br>\u2022 Landesdenkmalamt Berlin (LDA)<br>\u2022 Architektenkammer Berlin (AKB)<br>\u2022 Kunstbibliothek Berlin (KUBI)<br>\u2022 since 2025: Tschechisches Zentrum Berlin (TZB)<\/p>\n\n\n\n<p class=\"pb-4\"><strong>Members of the Coordination Group<\/strong><br>\u2022 BHROX bauhaus reuse \/ zukunftsgeraeusche GbR (zkg), Berlin<br>\u2022 The Hungarian Contemporary Architecture Centre (K\u00c9K), Budapest<br>\u2022 ICOMOS International Secretariat, Paris<br>\u2022 National Gallery in Prague (NGP), Prague<br>\u2022 Slovak Design Center (SDC), Bratislava<br>\u2022 Estonian Academy of Arts \u2013 Institute of <br>Art History and Visual Culture (EAA\u2013EKA), Tallinn<br>\u2022 Architects\u2019 Council of Europe (ACE), Brussels<br>\u2022 buschfeld.com, Berlin<\/p>\n\n\n\n<hr class=\"wp-block-separator has-css-opacity\"\/>\n\n\n\n<h3 class=\"wp-block-heading pb-2\">European Partners <br>(by nation in alphabetical order)<\/h3>\n\n\n\n<p><strong>Czech<\/strong> <strong>Republic<\/strong><br>\u2022 National Gallery in Prague (NGP), Prague<br>\u2022 Forum for Architecture and Media (4 AM), Brno<br>\u2022 Prague 7 District Municipality (UMC7)<\/p>\n\n\n\n<p><strong>Estonia<\/strong><br>\u2022 Estonian Academy of Arts \u2013 Institute of <br>Art History and Visual Culture (EAA\u2013EKA), Tallinn<br>\u2022 Estonian Museum of Architecture (EMA), Tallinn<br>\u2022 Tallinna linn (COT), Tallinn City<\/p>\n\n\n\n<p><strong>France<\/strong><br>\u2022 ICOMOS International Secretariat, Paris<\/p>\n\n\n\n<p><strong>Hungary<\/strong><br>\u2022 Hungarian Museum of Architecture <br>(MEM-MDK), Budapest<br>\u2022 The Hungarian Contemporary<br>Architecture Centre (K\u00c9K), Budapest<br>\u2022 Budapest 13th&nbsp;District&nbsp;\u2013 city municipality (B13D)<\/p>\n\n\n\n<p><strong>Latvia<\/strong><br>\u2022 Museum of Decorative <br>Arts and Design (LNMM), Riga<br>\u2022 Latvian Design Centre (FOLD), Riga<br>\u2022 Latvian Ministry of Culture (LMOC)<\/p>\n\n\n\n<p><strong>Lithuania<\/strong><br>\u2022 Kaunas 2022 (K2022),<br>Kaunas European Capital of Culture<br>\u2022 Nematerialaus Turto Fondas (NTF)<br>\u2022 Kaunas City Municipal Administration (KCMA)<br>\u2022 Architects Association of Lithuania, Vilnius (LAS)<\/p>\n\n\n\n<p><strong>Netherlands<\/strong><br>\u2022 <a href=\"\/2025\/european-triennial-of-modernism-etom\/docomomo-international\/\" data-type=\"page\" data-id=\"77\">DOCOMOMO international<\/a><\/p>\n\n\n\n<p><strong>North Macedonia<\/strong><br>\u2022 Contineo 2020 (CONTINEO), Skopje<br>\u2022 University American College Skopje \u2013 Privatna Ustanova \u2013  Department of Architecture (UACS) <\/p>\n\n\n\n<p><strong>Poland<\/strong><br>\u2022 National Institute of Architecture and<br>Urban Planning (NIAiU), Warsaw<br>\u2022 Institut of Architecture Foundation (FIA), Cracow<br>\u2022 International Cultural Centre (ICC),&nbsp;Cracow<br>\u2022 Gmina Miejska Krak\u00f3w \u2013 Urz\u0105d Miasta Krakowa (CCK), Cracow<\/p>\n\n\n\n<p><strong>Romania<\/strong><br>\u2022 Asocia\u021bia Rom\u00e2n\u0103 pentru Cultur\u0103, <br>Educa\u021bie \u0219i Normalitate (ARCEN), Bucharest<br>\u2022 SG Studio \u2013 zeppelin magazine (SGS-ZEP), Bucharest<br>\u2022 Second District Hall of Bucharest&nbsp;(SDHB)<\/p>\n\n\n\n<p><strong>Serbia<\/strong><br>\u2022 Belgrade International Architecture Week (ABA-BINA), Belgrade<br>\u2022 ZAVOD \u2013 Zavod za zastitu spomenika kulture grada Beograda (Cultural Heritage Preservation Institute of Belgrade)<br>\u2022 Gradska opstina Novi Beograd, City Municipality (MNB), Belgrade<\/p>\n\n\n\n<p><strong>Slovakia<\/strong><br>\u2022 Slovak Design Center (SDC), Bratislava<\/p>\n\n\n\n<p><strong>Ukraine<\/strong><br>\u2022 Lviv Centre for Urban History, Lwiw (LCUH), Lviv<br>\u2022 Urban Forms Center (UFC), Kharkiv<\/p>\n<\/div>\n<\/div>\n","protected":false},"excerpt":{"rendered":"<p>ETOM 2025 pilot Festival &amp; Conference Outline, Announcement and Open Call This years first &#8222;ETOM2025pilot Festival &amp; Conference&#8220; is the pilot edition for the &#8222;ETOM \u2013 European Triennial of Modernism&#8220;, a decentralized triennial festival on the diverse heritage and future of Modernism. The topic of the &#8222;ETOM2025pilot&#8220; is &#8222;MODERNISM#progressiveheritage&#8220; and serves as a starting point [&hellip;]<\/p>\n","protected":false},"author":2,"featured_media":11779,"parent":0,"menu_order":0,"comment_status":"closed","ping_status":"closed","template":"","meta":{"_acf_changed":false,"_seopress_robots_primary_cat":"","_seopress_titles_title":"","_seopress_titles_desc":"","_seopress_robots_index":"","footnotes":""},"class_list":["post-11873","page","type-page","status-publish","has-post-thumbnail","hentry"],"acf":[],"_links":{"self":[{"href":"https:\/\/triennale-der-moderne.de\/2025\/wp-json\/wp\/v2\/pages\/11873"}],"collection":[{"href":"https:\/\/triennale-der-moderne.de\/2025\/wp-json\/wp\/v2\/pages"}],"about":[{"href":"https:\/\/triennale-der-moderne.de\/2025\/wp-json\/wp\/v2\/types\/page"}],"author":[{"embeddable":true,"href":"https:\/\/triennale-der-moderne.de\/2025\/wp-json\/wp\/v2\/users\/2"}],"replies":[{"embeddable":true,"href":"https:\/\/triennale-der-moderne.de\/2025\/wp-json\/wp\/v2\/comments?post=11873"}],"version-history":[{"count":11,"href":"https:\/\/triennale-der-moderne.de\/2025\/wp-json\/wp\/v2\/pages\/11873\/revisions"}],"predecessor-version":[{"id":11893,"href":"https:\/\/triennale-der-moderne.de\/2025\/wp-json\/wp\/v2\/pages\/11873\/revisions\/11893"}],"wp:featuredmedia":[{"embeddable":true,"href":"https:\/\/triennale-der-moderne.de\/2025\/wp-json\/wp\/v2\/media\/11779"}],"wp:attachment":[{"href":"https:\/\/triennale-der-moderne.de\/2025\/wp-json\/wp\/v2\/media?parent=11873"}],"curies":[{"name":"wp","href":"https:\/\/api.w.org\/{rel}","templated":true}]}}