{"id":7620,"date":"2025-03-24T19:06:28","date_gmt":"2025-03-24T18:06:28","guid":{"rendered":"\/2022\/?page_id=7620"},"modified":"2025-07-28T08:47:14","modified_gmt":"2025-07-28T06:47:14","slug":"100-jahre-hufeisensiedlung","status":"publish","type":"page","link":"\/2022\/100-jahre-hufeisensiedlung\/","title":{"rendered":"100 Jahre Hufeisensiedlung"},"content":{"rendered":"\n<h1 class=\"wp-block-heading\">17.\u2013 19.10.2025 in Berlin<\/h1>\n\n\n\n<h2 class=\"wp-block-heading\">100 Jahre Hufeisensiedlung \u2013 Symposium mit Begleitprogramm <\/h2>\n\n\n\n<h3 class=\"wp-block-heading pb-2\">Die Hufeisensiedlung ist nicht nur die gr\u00f6\u00dfte, sondern wohl auch die bekannteste Anlage des UNESCO-Welterbes &#8222;Siedlungen der Berliner Moderne&#8220; \u2013 und sie feiert 2025 ihr 100-j\u00e4hriges Jubil\u00e4um: Zu dem Jahrestag der Grundsteinlegung der 1925-1930 in zwei Teilen und mehreren Bauabschnitten entstandenen &#8222;Gro\u00dfsiedlung Britz&#8220; wird es ein Symposium mit einem Begleitprogramm aus Ausstellungen, Filmvorf\u00fchrungen und gef\u00fchrten Touren geben. Hier wird deutlich, was den von Bruno Taut im Auftrag der GEHAG h\u00f6chst farbenfroh und abwechselungsreich gestaltete Siedlungsteil der Hufeisensiedlung auch aus heutiger Perspektive so spannend macht: seine kluge politische Umsetzung, der \u00dcbergang zweier st\u00e4dtebaulicher Leitbilder, eine wandelvolle Geschichte und besondere Herausforderungen an den denkmalgerechten Erhalt.&nbsp;<\/h3>\n\n\n\n<figure class=\"wp-block-image size-full pb-3\"><img loading=\"lazy\" decoding=\"async\" width=\"2000\" height=\"1333\" src=\"\/2022\/wp-content\/uploads\/sites\/8\/2025\/03\/HS_01_03_Berlin_Postkarte_Tueren_HS_Hufeisensiedlung_FotoCollage_BenBuschfeld.jpg\" alt=\"\" class=\"wp-image-7626\" srcset=\"\/2022\/wp-content\/uploads\/sites\/8\/2025\/03\/HS_01_03_Berlin_Postkarte_Tueren_HS_Hufeisensiedlung_FotoCollage_BenBuschfeld.jpg 2000w, \/2022\/wp-content\/uploads\/sites\/8\/2025\/03\/HS_01_03_Berlin_Postkarte_Tueren_HS_Hufeisensiedlung_FotoCollage_BenBuschfeld-600x400.jpg 600w, \/2022\/wp-content\/uploads\/sites\/8\/2025\/03\/HS_01_03_Berlin_Postkarte_Tueren_HS_Hufeisensiedlung_FotoCollage_BenBuschfeld-1024x682.jpg 1024w, \/2022\/wp-content\/uploads\/sites\/8\/2025\/03\/HS_01_03_Berlin_Postkarte_Tueren_HS_Hufeisensiedlung_FotoCollage_BenBuschfeld-375x250.jpg 375w, \/2022\/wp-content\/uploads\/sites\/8\/2025\/03\/HS_01_03_Berlin_Postkarte_Tueren_HS_Hufeisensiedlung_FotoCollage_BenBuschfeld-768x512.jpg 768w, \/2022\/wp-content\/uploads\/sites\/8\/2025\/03\/HS_01_03_Berlin_Postkarte_Tueren_HS_Hufeisensiedlung_FotoCollage_BenBuschfeld-1536x1024.jpg 1536w\" sizes=\"(max-width: 2000px) 100vw, 2000px\" \/><figcaption class=\"wp-element-caption\">T\u00fcren und Eing\u00e4nge der Hufeisensiedlung; \u00a9 Fotos\/Collage\/Logo: Ben Buschfeld<\/figcaption><\/figure>\n\n\n\n<div class=\"wp-block-columns is-layout-flex wp-container-core-columns-is-layout-2 wp-block-columns-is-layout-flex\">\n<div class=\"wp-block-column is-layout-flow wp-block-column-is-layout-flow\" style=\"flex-basis:66.66%\">\n<h1 class=\"wp-block-heading\">Programm 17.\u201319.10.2025<\/h1>\n\n\n\n<h2 class=\"wp-block-heading pb-2\">noch in Planung, Details folgen<br><\/h2>\n\n\n\n<hr class=\"wp-block-separator has-alpha-channel-opacity\"\/>\n\n\n\n<h1 class=\"wp-block-heading pb-3\">Freitag, 17.10.2025: <br>Vernissage und Auftakt<\/h1>\n\n\n\n<ul class=\"wp-block-list\">\n<li>18.00 \u2013 18:15 Uhr: Gru\u00dfworte und kurze Einf\u00fchrung ins Thema<\/li>\n\n\n\n<li><strong>Er\u00f6ffnung der Sonderausstellung<\/strong> &#8222;Von Design-Fortbildung zur NS-Propaganda \u2013 Die Mietermagazine von EINFA und GEHAG 1930\u20131939&#8220;: Die Ausstellung widmet sich den von 1930\u20131939 monatlich herausgegebenen Mietermagazinen der EINFA. Diese war Teil der Wohnungsbaugesellschaft GEHAG und spiegelt die Umbr\u00fcche in der Politik des aus dem linken politischen Spektrum heraus entstandenen Unternehmens. Bis Mitte 1933 dreht es sich in den Magazine um Haus und Garten, zweckgem\u00e4\u00dfe Einrichtung und gesundes Wohnen. Nach der Gleichschaltung der GEHAG \u00e4nderte sich zun\u00e4chst das Layout, sp\u00e4ter auch die Inhalte, so dass immer mehr NS-Propaganda Raum fand.<\/li>\n\n\n\n<li class=\"pb-3\"><strong>19:30 Uhr&nbsp;\/ Abendprogramm<\/strong>: Filmvorf\u00fchrung(en) zu den Welterbe-Siedlungen<\/li>\n<\/ul>\n\n\n\n<hr class=\"wp-block-separator has-alpha-channel-opacity\"\/>\n\n\n\n<h1 class=\"wp-block-heading pb-3\">Samstag, 18.10.2025:&nbsp;<br>F\u00fchrungen, Buchpr\u00e4sentation, Keynote-Event<\/h1>\n\n\n\n<ul class=\"wp-block-list\">\n<li><strong>11.00 \u2013 13.00 Uhr: Gruppen-F\u00fchrungen<\/strong> mit unterschiedlichen Schwerpunkten und F\u00fchrenden: <br>Die F\u00fchrungen dauern etwa anderthalb bis zwei Stunden und widmen sich den Themen &#8222;Leben im Welterbe&#8220; sowie Aspekten der Bau-, Zeit, Sozial-, Kultur-, Stadt- und Architekturgeschichte. Bei gr\u00f6\u00dferer Nachfrage sind auch thematisch pointierte, zielgruppenspezifische oder englischsprachige F\u00fchrungen denkbar.<\/li>\n\n\n\n<li><strong>13.15 \u2013 14.00 Uhr: Kurator*innen-F\u00fchrungen<\/strong>; Tour-Ende mit Gelegenheit zur Besichtigung des Mietbaren Museums <a href=\"http:\/\/tautes-heim.de\">TAUTES HEIM<\/a>,  durch die Betreiber Katrin Lesser und Ben Buschfeld<\/li>\n\n\n\n<li><strong>14.00 \u2013 15.30 Uhr: Buch-Pr\u00e4sentation<\/strong> <a href=\"http:\/\/www.tautes-heim.de\/buch-tautes-heim-story-details.php\">TAUTES HEIM \u2013 Story &amp; Details<\/a>. Details und Beteiligte zu diesem Veranstaltungsteil werden noch bekannt gegeben \u2014 Alternativ: Gelegenheit f\u00fcr selbstorganisierte Imbisse und\/oder Besichtigung der Dauer- und Sonderausstellung in der <a href=\"http:\/\/www.hufeisensiedlung.info\/infostation.html\">Infostation Hufeisensiedlung<\/a><\/li>\n\n\n\n<li><strong>16.00 Uhr: Keynote-Vortrag oder -Talk<\/strong> zu &#8222;100 Jahren Neues Bauen in Berlin&#8220; (lokaler Veranstaltungsort: vmtl. Infostation Hufeisensiedlung, Gutshof Britz oder n\u00e4heres Umfeld \u2013 Details, Sprecher und\/oder Beteilgte werden noch bekannt gegeben)<\/li>\n\n\n\n<li class=\"pb-4\"><strong>Im Anschluss: get together<\/strong><\/li>\n<\/ul>\n\n\n\n<hr class=\"wp-block-separator has-alpha-channel-opacity\"\/>\n\n\n\n<h1 class=\"wp-block-heading pb-3\">Sonntag, 19.10.2025:&nbsp;<br>\u00d6ffentliches Symposium<\/h1>\n\n\n\n<ul class=\"wp-block-list\">\n<li>9.30 \u2013 10.00 Uhr: Ankunft am Konferenzort (vmtl. Kulturstall Britz \u2013 Details werden noch bekannt gegeben)<\/li>\n\n\n\n<li><strong>10.00 \u2013 ca. 18.30 Uhr: Symposium &#8222;100 Jahre Hufeisensiedlung&#8220;<\/strong><br>Das Symposium ist in unterschiedliche, ca. 1-st\u00fcndige Themen-Sektionen&nbsp;mit je 4-5 Bild- und Fachvortr\u00e4gen gegliedert:\n<ul class=\"wp-block-list\">\n<li>Sektion I: Kontext und Stadtgeschichte<\/li>\n\n\n\n<li>Sektion II: Akteure zur Bauzeit<\/li>\n\n\n\n<li>Sektion III: Wiederentdeckung<\/li>\n\n\n\n<li>Sektion IV: Leben heute<\/li>\n<\/ul>\n<\/li>\n\n\n\n<li class=\"pb-4\">Im Verlauf des Programms sind Pausen und Raum f\u00fcr Diskussionen vorgesehen.&nbsp;Die Veranstaltung richtet sich Bewohnende und die allgemein interessierte \u00d6ffentlichkeit. Auch Bewohnende \u00e4hnlicher Ensembles sind herzlich willkommen.&nbsp;Voraussischtlicher Konferenzort ist der Kulturstall auf dem Gel\u00e4nde des benachbarten Gutshof Britz; am Konferenzort wird eine tempor\u00e4re Ausstellung zu den sechs Anlagen des Welterbes &#8222;Siedlungen der Berliner Moderne&#8220; gezeigt.<\/li>\n<\/ul>\n\n\n\n<p><\/p>\n\n\n\n<hr class=\"wp-block-separator has-alpha-channel-opacity\"\/>\n\n\n\n<h1 class=\"wp-block-heading\">Zum Thema<\/h1>\n\n\n\n<h2 class=\"wp-block-heading pb-2\">100 Jahre Hufeisensiedlung <\/h2>\n\n\n\n<p>Sechs &#8222;Siedlungen der Berliner Moderne&#8220; wurden 2008 gemeinsam zum UNESCO-Welterbe erkl\u00e4rt. Dieser Titel bedeutet, dass ihnen ein &#8222;herausragander universeller Wert f\u00fcr die Menschheitsgeschichte&#8220; zugeschrieben wird. Wow, aber handelt es sich nur nur um einfachen Wohnungsbau? Um diese Frage zu beantworten, hilft ein Blick in die Geschichte und unsere eigenen, heutigen Bed\u00fcrfnisse. Die sechs Siedlungen entstanden als Antwort auf die zu Beginn des 20. Jahrhunderts in vielen St\u00e4dten Europas grassierende Wohnungsnot. Sie etablierten h\u00f6here hygienische Standards und neue Formen des aufgelockerten St\u00e4dtebaus. Auch heute sind diese Siedlungen beliebte Wohnquartiere \u2013 und gelten zu Recht als Berlins wichtigster Beitrag zur Architekturgeschichte. <\/p>\n\n\n\n<p>Aus diesen sechs Ensembles herausragenden ist die Hufeisensiedlung nicht nur die gr\u00f6\u00dfte, sondern auch die ber\u00fchmteste und denkmalpflegerisch herausforderndste. Bereits zu Bauzeiten fungierte die Gro\u00dfsiedlung in Neuk\u00f6lln-Britz als zweigeteilte &#8222;Schaustelle&#8220;. Hier konkurrierten zwei politische Lager und ihre jeweils protegierten Wohnungsbaugesellschaften GEHAG und DEGEWO. Unter Leitung des von der Wohnungsbaugesellschaft GEHAG berufenen Chefarchitekten Bruno Taut wurden im Bauteil der Hufeisensiedlung neue Formen des St\u00e4dtebaus erprobt. Sie skalierten die Qualit\u00e4ten einer Gartenstadt mit einfachen Reihenh\u00e4usern und viel Gr\u00fcn und kombinierten diese mit einem urbanen Geschosswohnungsbau, der in kostensparend in serieller Bauweise erreichtet werden konnte.&nbsp;<\/p>\n\n\n\n<p class=\"pb-3\">Die rund um die namensgebende ikonische Hufeisenzeile gruppierte Siedlung ist zudem auch ein lehrreicher Spiegel der Kontroversen und Umbr\u00fcche sp\u00e4terer Dekaden. So l\u00e4sst sich hier nicht nur der Diskurs zur Stadtentwicklung des fr\u00fchen 20. Jahrhunderts, sondern auch die Gleichschaltungspolitik der Nationalsozialisten sowie der wirtschaftsliberale Geist der sp\u00e4ten 1990er-Jahre nachzeichnen. Nach dem Verkauf der GEHAG im Jahr 1998 wurden die Reihenhausbest\u00e4nde fl\u00e4chendeckend in Einzeleigentum umgewandelt. Diese massive Herausforderung f\u00fcr den homogenen Erhalt des Ensembles f\u00fchrte zu zahlreichen Initiativen, Projekten und Publikationen, die aus dem Kreis der Bewohnenden initiiert und entwickelt wurden, seitdem Bestand haben und damit auch f\u00fcr vergleichbare Anlagen beispielgebend sein k\u00f6nnen.&nbsp;<\/p>\n<\/div>\n\n\n\n<div class=\"wp-block-column is-layout-flow wp-block-column-is-layout-flow\" style=\"flex-basis:33.33%\">\n<h1 class=\"wp-block-heading pb-2\">Veranstalter<\/h1>\n\n\n\n<figure class=\"wp-block-image size-large pb-1\"><img loading=\"lazy\" decoding=\"async\" width=\"1024\" height=\"114\" src=\"\/2022\/wp-content\/uploads\/sites\/8\/2025\/03\/Logo_FFHBB_red_RGB_Office_bc_Kombi-1-1024x114.jpg\" alt=\"\" class=\"wp-image-7645\" srcset=\"\/2022\/wp-content\/uploads\/sites\/8\/2025\/03\/Logo_FFHBB_red_RGB_Office_bc_Kombi-1-1024x114.jpg 1024w, \/2022\/wp-content\/uploads\/sites\/8\/2025\/03\/Logo_FFHBB_red_RGB_Office_bc_Kombi-1-600x67.jpg 600w, \/2022\/wp-content\/uploads\/sites\/8\/2025\/03\/Logo_FFHBB_red_RGB_Office_bc_Kombi-1-768x86.jpg 768w, \/2022\/wp-content\/uploads\/sites\/8\/2025\/03\/Logo_FFHBB_red_RGB_Office_bc_Kombi-1-1536x172.jpg 1536w, \/2022\/wp-content\/uploads\/sites\/8\/2025\/03\/Logo_FFHBB_red_RGB_Office_bc_Kombi-1.jpg 2006w\" sizes=\"(max-width: 1024px) 100vw, 1024px\" \/><\/figure>\n\n\n\n<p class=\"pb-4\">Verein der Freunde und F\u00f6rderer<br>der Hufeiensiedlung Berlin-Britz e.V.<br>c\/o Infostation Hufeisensiedlung<br>Fritz-Reuter-Allee 44, 12359 Berlin<\/p>\n\n\n\n<h1 class=\"wp-block-heading pb-2\">Kuration und Organisation<\/h1>\n\n\n\n<p>Ben Buschfeld, buschfeld.com &#8211; graphic and interface design \/ Tautes Heim<br><a href=\"http:\/\/www.tautes-heim.de\" target=\"_blank\" rel=\"noreferrer noopener\">buschfeld.com<\/a> | <a href=\"http:\/\/www.tautes-heim.de\" target=\"_blank\" rel=\"noreferrer noopener\">tautes-heim.de<\/a> | <a href=\"https:\/\/www.linkedin.com\/in\/benbuschfeld\/\" target=\"_blank\" rel=\"noreferrer noopener\">LinkedIn<\/a><br>B\u00fcro +49 (0)30-25922963<\/p>\n\n\n\n<div class=\"wp-block-columns pb-3 is-layout-flex wp-container-core-columns-is-layout-1 wp-block-columns-is-layout-flex\">\n<div class=\"wp-block-column is-layout-flow wp-block-column-is-layout-flow\" style=\"flex-basis:66.66%\">\n<figure class=\"wp-block-image size-large is-resized\"><img loading=\"lazy\" decoding=\"async\" width=\"1024\" height=\"135\" src=\"\/2022\/wp-content\/uploads\/sites\/8\/2025\/03\/buschfeldcom_logo_cmyk-1024x135.png\" alt=\"\" class=\"wp-image-7640\" style=\"width:179px;height:auto\" srcset=\"\/2022\/wp-content\/uploads\/sites\/8\/2025\/03\/buschfeldcom_logo_cmyk-1024x135.png 1024w, \/2022\/wp-content\/uploads\/sites\/8\/2025\/03\/buschfeldcom_logo_cmyk-600x79.png 600w, \/2022\/wp-content\/uploads\/sites\/8\/2025\/03\/buschfeldcom_logo_cmyk-768x101.png 768w, \/2022\/wp-content\/uploads\/sites\/8\/2025\/03\/buschfeldcom_logo_cmyk-1536x202.png 1536w, \/2022\/wp-content\/uploads\/sites\/8\/2025\/03\/buschfeldcom_logo_cmyk-2048x269.png 2048w\" sizes=\"(max-width: 1024px) 100vw, 1024px\" \/><\/figure>\n\n\n\n<figure class=\"wp-block-image size-large\"><img loading=\"lazy\" decoding=\"async\" width=\"1024\" height=\"153\" src=\"\/2022\/wp-content\/uploads\/sites\/8\/2025\/03\/Tautes-Heim_Logo_Kreis-links_Subline-1-1024x153.png\" alt=\"\" class=\"wp-image-7641\" srcset=\"\/2022\/wp-content\/uploads\/sites\/8\/2025\/03\/Tautes-Heim_Logo_Kreis-links_Subline-1-1024x153.png 1024w, \/2022\/wp-content\/uploads\/sites\/8\/2025\/03\/Tautes-Heim_Logo_Kreis-links_Subline-1-600x90.png 600w, \/2022\/wp-content\/uploads\/sites\/8\/2025\/03\/Tautes-Heim_Logo_Kreis-links_Subline-1-768x115.png 768w, \/2022\/wp-content\/uploads\/sites\/8\/2025\/03\/Tautes-Heim_Logo_Kreis-links_Subline-1-1536x229.png 1536w, \/2022\/wp-content\/uploads\/sites\/8\/2025\/03\/Tautes-Heim_Logo_Kreis-links_Subline-1-2048x306.png 2048w\" sizes=\"(max-width: 1024px) 100vw, 1024px\" \/><\/figure>\n<\/div>\n\n\n\n<div class=\"wp-block-column is-layout-flow wp-block-column-is-layout-flow\" style=\"flex-basis:33.33%\"><\/div>\n<\/div>\n\n\n\n<h1 class=\"wp-block-heading pb-3\">Gef\u00f6rdert durch<\/h1>\n\n\n\n<figure class=\"wp-block-image size-large pb-4\"><img loading=\"lazy\" decoding=\"async\" width=\"1024\" height=\"209\" src=\"\/2022\/wp-content\/uploads\/sites\/8\/2025\/03\/B_LDA_Logo_H_print_2C_rot-schwarz-1024x209.jpg\" alt=\"\" class=\"wp-image-7629\" srcset=\"\/2022\/wp-content\/uploads\/sites\/8\/2025\/03\/B_LDA_Logo_H_print_2C_rot-schwarz-1024x209.jpg 1024w, \/2022\/wp-content\/uploads\/sites\/8\/2025\/03\/B_LDA_Logo_H_print_2C_rot-schwarz-600x122.jpg 600w, \/2022\/wp-content\/uploads\/sites\/8\/2025\/03\/B_LDA_Logo_H_print_2C_rot-schwarz-768x157.jpg 768w, \/2022\/wp-content\/uploads\/sites\/8\/2025\/03\/B_LDA_Logo_H_print_2C_rot-schwarz-1536x313.jpg 1536w, \/2022\/wp-content\/uploads\/sites\/8\/2025\/03\/B_LDA_Logo_H_print_2C_rot-schwarz-2048x418.jpg 2048w\" sizes=\"(max-width: 1024px) 100vw, 1024px\" \/><\/figure>\n\n\n\n<figure class=\"wp-block-image size-large pb-4\"><img loading=\"lazy\" decoding=\"async\" width=\"1024\" height=\"162\" src=\"\/2022\/wp-content\/uploads\/sites\/8\/2025\/03\/Vonovia_Logo.svg_-1024x162.png\" alt=\"\" class=\"wp-image-7631\" srcset=\"\/2022\/wp-content\/uploads\/sites\/8\/2025\/03\/Vonovia_Logo.svg_-1024x162.png 1024w, \/2022\/wp-content\/uploads\/sites\/8\/2025\/03\/Vonovia_Logo.svg_-600x95.png 600w, \/2022\/wp-content\/uploads\/sites\/8\/2025\/03\/Vonovia_Logo.svg_-768x121.png 768w, \/2022\/wp-content\/uploads\/sites\/8\/2025\/03\/Vonovia_Logo.svg_.png 1280w\" sizes=\"(max-width: 1024px) 100vw, 1024px\" \/><\/figure>\n\n\n\n<hr class=\"wp-block-separator has-alpha-channel-opacity\"\/>\n\n\n\n<h1 class=\"wp-block-heading pb-1\">Weitere Events<\/h1>\n\n\n\n<figure class=\"wp-block-image size-full\"><img loading=\"lazy\" decoding=\"async\" width=\"867\" height=\"432\" src=\"\/2022\/wp-content\/uploads\/sites\/8\/2025\/03\/logo_650_britz_orange_violett.png\" alt=\"\" class=\"wp-image-7633\" srcset=\"\/2022\/wp-content\/uploads\/sites\/8\/2025\/03\/logo_650_britz_orange_violett.png 867w, \/2022\/wp-content\/uploads\/sites\/8\/2025\/03\/logo_650_britz_orange_violett-600x299.png 600w, \/2022\/wp-content\/uploads\/sites\/8\/2025\/03\/logo_650_britz_orange_violett-768x383.png 768w\" sizes=\"(max-width: 867px) 100vw, 867px\" \/><\/figure>\n\n\n\n<ul class=\"wp-block-list pb-3\">\n<li><a href=\"http:\/\/www.facebook.com\/TriennaleDerModerne\/\" target=\"_blank\" rel=\"noreferrer noopener\">650-jahre-britz.info\/<\/a><\/li>\n\n\n\n<li><a href=\"https:\/\/www.berlin.de\/events\/9552511-2229501-welterbefestival-hufeisensiedlung.html\">welterbefestival-hufeisensiedlung<\/a><\/li>\n<\/ul>\n<\/div>\n<\/div>\n\n\n\n<hr class=\"wp-block-separator has-alpha-channel-opacity\"\/>\n\n\n\n<h1 class=\"wp-block-heading pb-2\">\u00dcbersicht der Beteiligten<\/h1>\n\n\n\n<figure class=\"wp-block-image size-large is-resized pb-5\"><img loading=\"lazy\" decoding=\"async\" width=\"1024\" height=\"103\" src=\"\/2022\/wp-content\/uploads\/sites\/8\/2025\/03\/Logo-Leiste_100-Jahre-HS_transp-2-1024x103.png\" alt=\"\" class=\"wp-image-7642\" style=\"width:930px\" srcset=\"\/2022\/wp-content\/uploads\/sites\/8\/2025\/03\/Logo-Leiste_100-Jahre-HS_transp-2-1024x103.png 1024w, \/2022\/wp-content\/uploads\/sites\/8\/2025\/03\/Logo-Leiste_100-Jahre-HS_transp-2-600x61.png 600w, \/2022\/wp-content\/uploads\/sites\/8\/2025\/03\/Logo-Leiste_100-Jahre-HS_transp-2-768x78.png 768w, \/2022\/wp-content\/uploads\/sites\/8\/2025\/03\/Logo-Leiste_100-Jahre-HS_transp-2-1536x155.png 1536w, \/2022\/wp-content\/uploads\/sites\/8\/2025\/03\/Logo-Leiste_100-Jahre-HS_transp-2-2048x207.png 2048w\" sizes=\"(max-width: 1024px) 100vw, 1024px\" \/><\/figure>\n\n\n\n<hr class=\"wp-block-separator has-css-opacity\"\/>\n\n\n\n<h1 class=\"wp-block-heading pb-4\">Impressionen<\/h1>\n\n\n\n<div class=\"wp-block-columns is-layout-flex wp-container-core-columns-is-layout-4 wp-block-columns-is-layout-flex\">\n<div class=\"wp-block-column is-layout-flow wp-block-column-is-layout-flow\">\n<div class=\"wp-block-columns is-layout-flex wp-container-core-columns-is-layout-3 wp-block-columns-is-layout-flex\">\n<div class=\"wp-block-column is-layout-flow wp-block-column-is-layout-flow\">\n<figure class=\"wp-block-image size-full\"><img loading=\"lazy\" decoding=\"async\" width=\"1024\" height=\"685\" src=\"\/2022\/wp-content\/uploads\/sites\/8\/2025\/03\/HS_03_15b_Luftbild_Hufeisensiedlung_Berlin_Nr0213_\u00a9Foto_BenBuschfeld_2014_1.jpg\" alt=\"\" class=\"wp-image-7663\" srcset=\"\/2022\/wp-content\/uploads\/sites\/8\/2025\/03\/HS_03_15b_Luftbild_Hufeisensiedlung_Berlin_Nr0213_\u00a9Foto_BenBuschfeld_2014_1.jpg 1024w, \/2022\/wp-content\/uploads\/sites\/8\/2025\/03\/HS_03_15b_Luftbild_Hufeisensiedlung_Berlin_Nr0213_\u00a9Foto_BenBuschfeld_2014_1-598x400.jpg 598w, \/2022\/wp-content\/uploads\/sites\/8\/2025\/03\/HS_03_15b_Luftbild_Hufeisensiedlung_Berlin_Nr0213_\u00a9Foto_BenBuschfeld_2014_1-375x250.jpg 375w, \/2022\/wp-content\/uploads\/sites\/8\/2025\/03\/HS_03_15b_Luftbild_Hufeisensiedlung_Berlin_Nr0213_\u00a9Foto_BenBuschfeld_2014_1-768x514.jpg 768w\" sizes=\"(max-width: 1024px) 100vw, 1024px\" \/><figcaption class=\"wp-element-caption\">Luftbild (Foto: Ben Buschfeld)<\/figcaption><\/figure>\n<\/div>\n\n\n\n<div class=\"wp-block-column is-layout-flow wp-block-column-is-layout-flow\">\n<figure class=\"wp-block-image size-large\"><img loading=\"lazy\" decoding=\"async\" width=\"1024\" height=\"683\" src=\"\/2022\/wp-content\/uploads\/sites\/8\/2025\/03\/HS_02-C_Hufeisen-im-Bau_1926_Quelle_www-berliner-moderne.de_-1024x683.jpg\" alt=\"\" class=\"wp-image-7669\" srcset=\"\/2022\/wp-content\/uploads\/sites\/8\/2025\/03\/HS_02-C_Hufeisen-im-Bau_1926_Quelle_www-berliner-moderne.de_-1024x683.jpg 1024w, \/2022\/wp-content\/uploads\/sites\/8\/2025\/03\/HS_02-C_Hufeisen-im-Bau_1926_Quelle_www-berliner-moderne.de_-600x400.jpg 600w, \/2022\/wp-content\/uploads\/sites\/8\/2025\/03\/HS_02-C_Hufeisen-im-Bau_1926_Quelle_www-berliner-moderne.de_-375x250.jpg 375w, \/2022\/wp-content\/uploads\/sites\/8\/2025\/03\/HS_02-C_Hufeisen-im-Bau_1926_Quelle_www-berliner-moderne.de_-768x512.jpg 768w, \/2022\/wp-content\/uploads\/sites\/8\/2025\/03\/HS_02-C_Hufeisen-im-Bau_1926_Quelle_www-berliner-moderne.de_.jpg 1443w\" sizes=\"(max-width: 1024px) 100vw, 1024px\" \/><figcaption class=\"wp-element-caption\">Bauzeit 1926 (gemeinfrei)<\/figcaption><\/figure>\n<\/div>\n\n\n\n<div class=\"wp-block-column is-layout-flow wp-block-column-is-layout-flow\">\n<figure class=\"wp-block-image size-full\"><img loading=\"lazy\" decoding=\"async\" width=\"2000\" height=\"1327\" src=\"\/2022\/wp-content\/uploads\/sites\/8\/2025\/03\/HS_05_11a_Initiativen_Hufeisen_2014_Fuehrung-Buschfeld_Denkmaltag_\u00a9Foto_KatrinLesser.jpg\" alt=\"\" class=\"wp-image-7666\" srcset=\"\/2022\/wp-content\/uploads\/sites\/8\/2025\/03\/HS_05_11a_Initiativen_Hufeisen_2014_Fuehrung-Buschfeld_Denkmaltag_\u00a9Foto_KatrinLesser.jpg 2000w, \/2022\/wp-content\/uploads\/sites\/8\/2025\/03\/HS_05_11a_Initiativen_Hufeisen_2014_Fuehrung-Buschfeld_Denkmaltag_\u00a9Foto_KatrinLesser-600x398.jpg 600w, \/2022\/wp-content\/uploads\/sites\/8\/2025\/03\/HS_05_11a_Initiativen_Hufeisen_2014_Fuehrung-Buschfeld_Denkmaltag_\u00a9Foto_KatrinLesser-1024x679.jpg 1024w, \/2022\/wp-content\/uploads\/sites\/8\/2025\/03\/HS_05_11a_Initiativen_Hufeisen_2014_Fuehrung-Buschfeld_Denkmaltag_\u00a9Foto_KatrinLesser-375x250.jpg 375w, \/2022\/wp-content\/uploads\/sites\/8\/2025\/03\/HS_05_11a_Initiativen_Hufeisen_2014_Fuehrung-Buschfeld_Denkmaltag_\u00a9Foto_KatrinLesser-768x510.jpg 768w, \/2022\/wp-content\/uploads\/sites\/8\/2025\/03\/HS_05_11a_Initiativen_Hufeisen_2014_Fuehrung-Buschfeld_Denkmaltag_\u00a9Foto_KatrinLesser-1536x1019.jpg 1536w\" sizes=\"(max-width: 2000px) 100vw, 2000px\" \/><figcaption class=\"wp-element-caption\">F\u00fchrung (Foto: Katrin Lesser)<\/figcaption><\/figure>\n<\/div>\n<\/div>\n<\/div>\n<\/div>\n\n\n\n<hr class=\"wp-block-separator has-css-opacity\"\/>\n\n\n\n<h2 class=\"wp-block-heading pb-3\">Weitere Jubil\u00e4ums-Events<\/h2>\n\n\n\n<h1 class=\"wp-block-heading\">650 Jahre Britz<\/h1>\n\n\n\n<p>Die Hufeisensiedlung z\u00e4hlt zu dem Neuk\u00f6llner Ortsteil Britz. Die Geschichte geht zur\u00fcck auf ein altes Rittergut, das 1375 erstmalig urkundlich erw\u00e4hnt wurde und 2025 daher mit einer gro\u00dfen Zahl von Einzelevents seinen 650-j\u00e4hrigen Jahrestag begeht. Neben der Hufeisensiedlung gelten das benachbarte idyllische Areal von Schloss und Gutshof Britz sowie das ehemalige der Britzer Garten, der 1985 als Bundesgartenschau angelegte Parklandschaft als Hauptsehensw\u00fcrdigkeiten des Ortsteils, der drei Stationen au\u00dferhalb des S-Bahnrings gelegen, so ganz anders ist, als das allgemeine Bild des Verwaltungsbezirks Neuk\u00f6lln.<\/p>\n\n\n\n<ul class=\"wp-block-list pb-4\">\n<li class=\"pb-3\"><a href=\"https:\/\/650-jahre-britz.info\/venues\">https:\/\/650-jahre-britz.info\/venues<\/a><\/li>\n<\/ul>\n\n\n\n<h1 class=\"wp-block-heading\">WelterbeFestival<\/h1>\n\n\n\n<p>Zum Jubil\u00e4um des UNESCO-Weltkulturerbes gestalten Musiker, Literaten sowie Experten vom 23. bis 26. Juli 2025 ein vielseitiges Programm mit Konzerten, Expert*innen-Gespr\u00e4chen, Lesungen, Ausstellungen und Filmvorf\u00fchrungen. Dazu veranstalten Sch\u00fclerinnen und Sch\u00fcler der an das Denkmalensemble angrenzenden Fritz-Karsen-Schule am 23.7. einen Kreativworkshop mit Finissage am Tag der Zeugnisvergabe. An Donnerstag und Freitag folgen zwei Tage mit Gespr\u00e4chen, Konzerten und Events an ausgew\u00e4hlten Orten. Mit dabei sind etwa einer der typischen &#8222;Trockenboden&#8220;, die ehemalige Fleischerei und das &#8222;mietbare Museum&#8220; Tautes Heim. Den feierlichen Abschluss bildet ein Festakt am Samstag, den 26. Juli mit &#8222;Wandelkonzerten&#8220;. Dabei f\u00fchren und sprechen Architektur- und Denkmal-Expertinnen zu Originalschaupl\u00e4tzen der Hufeisensiedlung, w\u00e4hrend das Berliner Stegreif Orchester f\u00fcr die musikalische Unterhaltung sorgt. Abgerundet wird der Tag mit einem gemeinschaftlichen Picknick auf der Gr\u00fcnfl\u00e4che innerhalb des Hufeisens. Veranstalter ist das Landesdenkmalamt Berlin in Kooperation mit der Vonovia SE.<\/p>\n\n\n\n<ul class=\"wp-block-list\">\n<li class=\"pb-3\"><a href=\"https:\/\/www.berlin.de\/events\/9552511-2229501-welterbefestival-hufeisensiedlung.html\">https:\/\/www.berlin.de\/events\/9552511-2229501-welterbefestival-hufeisensiedlung.html<\/a><\/li>\n<\/ul>\n\n\n\n<p><\/p>\n","protected":false},"excerpt":{"rendered":"<p>Die Hufeisensiedlung ist nicht nur die gr\u00f6\u00dfte, sondern wohl auch die bekannteste Anlage des UNESCO-Welterbes &#8222;Siedlungen der Berliner Moderne&#8220; \u2013 und sie feiert 2025 ihr 100-j\u00e4hriges Jubil\u00e4um: Zu dem Jahrestag der Grundsteinlegung der 1925-1930 in zwei Teilen und mehreren Bauabschnitten entstandenen &#8222;Gro\u00dfsiedlung Britz&#8220; wird es ein Symposium mit einem Begleitprogramm aus Ausstellungen, Filmvorf\u00fchrungen und gef\u00fchrten Touren geben. <\/p>\n","protected":false},"author":2,"featured_media":7921,"parent":0,"menu_order":0,"comment_status":"closed","ping_status":"closed","template":"","meta":{"_acf_changed":false,"footnotes":""},"class_list":["post-7620","page","type-page","status-publish","has-post-thumbnail","hentry"],"acf":[],"_links":{"self":[{"href":"https:\/\/triennale-der-moderne.de\/2022\/wp-json\/wp\/v2\/pages\/7620"}],"collection":[{"href":"https:\/\/triennale-der-moderne.de\/2022\/wp-json\/wp\/v2\/pages"}],"about":[{"href":"https:\/\/triennale-der-moderne.de\/2022\/wp-json\/wp\/v2\/types\/page"}],"author":[{"embeddable":true,"href":"https:\/\/triennale-der-moderne.de\/2022\/wp-json\/wp\/v2\/users\/2"}],"replies":[{"embeddable":true,"href":"https:\/\/triennale-der-moderne.de\/2022\/wp-json\/wp\/v2\/comments?post=7620"}],"version-history":[{"count":48,"href":"https:\/\/triennale-der-moderne.de\/2022\/wp-json\/wp\/v2\/pages\/7620\/revisions"}],"predecessor-version":[{"id":8150,"href":"https:\/\/triennale-der-moderne.de\/2022\/wp-json\/wp\/v2\/pages\/7620\/revisions\/8150"}],"wp:featuredmedia":[{"embeddable":true,"href":"https:\/\/triennale-der-moderne.de\/2022\/wp-json\/wp\/v2\/media\/7921"}],"wp:attachment":[{"href":"https:\/\/triennale-der-moderne.de\/2022\/wp-json\/wp\/v2\/media?parent=7620"}],"curies":[{"name":"wp","href":"https:\/\/api.w.org\/{rel}","templated":true}]}}