{"id":20,"date":"2013-05-04T10:06:47","date_gmt":"2013-05-04T10:06:47","guid":{"rendered":"http:\/\/www.triennale-der-moderne.de\/\/?page_id=20"},"modified":"2016-08-29T16:15:06","modified_gmt":"2016-08-29T14:15:06","slug":"schwerpunkt-kontakt","status":"publish","type":"page","link":"\/2016\/berlin\/schwerpunkt-kontakt\/","title":{"rendered":"Schwerpunkt &amp; Kontakt (Berlin)"},"content":{"rendered":"<p><strong>3. Triennale-Wochenende 7.-9.10.2016<\/strong><\/p>\n<p>Allein in Berlin gibt es mehr als ein Dutzend Bauten von Walter Gropius. Damit d\u00fcrfte seine Heimatstadt die meisten Objekte des Bauhaus-Gr\u00fcnders \u00fcberhaupt z\u00e4hlen. Sie stammen aus den Jahren der Weimarer Republik (1919\u20131933) und der Zeit nach dem II. Weltkrieg. Alle stehen heute unter Denkmalschutz und seine 1929\/30 errichteten Wohnblocks in der Siedlung Siemensstadt geh\u00f6ren sogar zum UNESCO-Welterbe. Das Spektrum dieser Bauten umfasst sowohl Einfamilienh\u00e4user und Wohnsiedlungen als auch eine Schule und ein Museum. Das Bauhaus-Archiv \/ Museum f\u00fcr Gestaltung, das Walter Gropius selbst mitbegr\u00fcndete und dem er seinen Nachlass vermachte, stellt seinen allerletzten Bau dar; die Fertigstellung im Jahr 1979 sollte er nicht mehr erleben.<\/p>\n<p>Im Mittelpunkt der Triennale, die dem Thema \u201eFreir\u00e4ume\u201c gewidmet ist, stehen die \u00f6ffentlich zug\u00e4nglichen und in ihrer stadtr\u00e4umlichen Struktur erfahrbaren Bauten: Siedlung Siemensstadt (1929\/30), Hansaviertel (1958), die Gropiusstadt (1960\u201373) mit zwei Hoch\u00adh\u00e4usern und der Walter-Gropius-Schule sowie das Bauhaus-Archiv. Der gro\u00dfe Bestand auch von Bauten ber\u00fchmter Zeitgenossen wie etwa Bruno Taut, Hans Scharoun oder den Br\u00fcdern Luckhardt macht Berlin zur Hauptstadt der Moderne. Dieser Status wird auch dadurch deutlich, dass die UNESCO 2008 gleich sechs Berliner Wohnanlagen gemeinsam zum UNESCO-Welterbe \u201eSiedlungen der Berliner Moderne\u201c erkl\u00e4rte. Eigent\u00fcmer von Einzelh\u00e4usern \u00f6ffnen w\u00e4hrend der Triennale exklusiv ihre T\u00fcren innerhalb der angebotenen Touren.<\/p>\n<h1>Kontakt<\/h1>\n<h2>Programm und Organisation<\/h2>\n<p>Bauhaus-Archiv Berlin \u00b7 Tel. +49 \u2013 (0)30 \u2013 254002-43<br \/>\n<a href=\"http:\/\/www.bauhaus.de\" target=\"_blank\">www.bauhaus.de<\/a><\/p>\n<p>&nbsp;<\/p>\n<h1>Information zum Programm<\/h1>\n<ul class=\"arrow\">\n<li><a href=\"http:\/\/triennale-der-moderne.de\/berlin\/sonder-veranstaltungen\/\">Sonderveranstaltungen 2016<\/a><\/li>\n<li><a href=\"http:\/\/triennale-der-moderne.de\/berlin\/triennale-wochenende-i\/\">3. Triennale-Wochenende 7.-9.10.2016<\/a><\/li>\n<li><a href=\"http:\/\/triennale-der-moderne.de\/berlin\/komplettes-programm\/\">Komplettes Programm 23.9-9.10.2016<\/a><\/li>\n<\/ul>\n","protected":false},"excerpt":{"rendered":"<p>3. Triennale-Wochenende 7.-9.10.2016 Allein in Berlin gibt es mehr als ein Dutzend Bauten von Walter Gropius. Damit d\u00fcrfte seine Heimatstadt die meisten Objekte des Bauhaus-Gr\u00fcnders \u00fcberhaupt z\u00e4hlen. Sie stammen aus den Jahren der Weimarer Republik (1919\u20131933) und der Zeit nach dem II. Weltkrieg. Alle stehen heute unter Denkmalschutz und seine 1929\/30 errichteten Wohnblocks in der [&hellip;]<\/p>\n","protected":false},"author":1,"featured_media":0,"parent":6,"menu_order":0,"comment_status":"open","ping_status":"open","template":"_template_60_40.php","meta":{"_acf_changed":false,"footnotes":""},"class_list":["post-20","page","type-page","status-publish","hentry"],"acf":[],"_links":{"self":[{"href":"https:\/\/triennale-der-moderne.de\/2016\/wp-json\/wp\/v2\/pages\/20"}],"collection":[{"href":"https:\/\/triennale-der-moderne.de\/2016\/wp-json\/wp\/v2\/pages"}],"about":[{"href":"https:\/\/triennale-der-moderne.de\/2016\/wp-json\/wp\/v2\/types\/page"}],"author":[{"embeddable":true,"href":"https:\/\/triennale-der-moderne.de\/2016\/wp-json\/wp\/v2\/users\/1"}],"replies":[{"embeddable":true,"href":"https:\/\/triennale-der-moderne.de\/2016\/wp-json\/wp\/v2\/comments?post=20"}],"version-history":[{"count":19,"href":"https:\/\/triennale-der-moderne.de\/2016\/wp-json\/wp\/v2\/pages\/20\/revisions"}],"predecessor-version":[{"id":3393,"href":"https:\/\/triennale-der-moderne.de\/2016\/wp-json\/wp\/v2\/pages\/20\/revisions\/3393"}],"up":[{"embeddable":true,"href":"https:\/\/triennale-der-moderne.de\/2016\/wp-json\/wp\/v2\/pages\/6"}],"wp:attachment":[{"href":"https:\/\/triennale-der-moderne.de\/2016\/wp-json\/wp\/v2\/media?parent=20"}],"curies":[{"name":"wp","href":"https:\/\/api.w.org\/{rel}","templated":true}]}}