{"id":1814,"date":"2013-09-23T17:41:39","date_gmt":"2013-09-23T17:41:39","guid":{"rendered":"http:\/\/www.triennale-der-moderne.de\/2013\/?page_id=1814"},"modified":"2013-09-23T17:41:39","modified_gmt":"2013-09-23T17:41:39","slug":"hausbesichtigung-laubenganghaus","status":"publish","type":"page","link":"\/2013\/dessau\/veranstaltungsorte\/hausbesichtigung-laubenganghaus\/","title":{"rendered":"Hausbesichtigung &#8222;Laubenganghaus&#8220;"},"content":{"rendered":"<p>\nWas:\tBewohner der Laubengangh\u00e4user von Hannes Meyer <br \/>\ngew\u00e4hren  Einblicke in ihr Wohnumfeld (kostenlos) <br \/>\nZeit:\tSamstag 15.00 Uhr <br \/>\nOrt:\tLaubengangh\u00e4user, Peterholzstra\u00dfe (G)<\/p>\n<p>Die f\u00fcnf Laubengangh\u00e4user in der Peterholzstra\u00dfe und in der Mittelbreite sind Bestandteil einer Erweiterungsplanung f\u00fcr die Siedlung Dessau-T\u00f6rten, die von Hannes Meyer mit der Bauabteilung des Bauhauses 1930 erstellt wurde.<br \/>\nAuf 47 Quadratmetern Fl\u00e4che wurde ein sorgf\u00e4ltig durchdachter und gut organisierter Grundriss f\u00fcr einen Vierpersonenhaushalt entwickelt, dessen \u00e4u\u00dferst knapp bemessene Wohnfl\u00e4che einem relativ hohen Komfort (Zentralheizung, Badezimmer) sowie zahlreichen zus\u00e4tzlichen Einrichtungen (Fahrradgarage, Kellerabteil, Gartenfl\u00e4che, Waschhaus) gegen\u00fcberstand.<\/p>\n<p>Die heutigen Mieter laden einen und geben bereitwillig Auskunft \u00fcber das Leben im Denkmal.<\/p>\n","protected":false},"excerpt":{"rendered":"<p>Was: Bewohner der Laubengangh\u00e4user von Hannes Meyer gew\u00e4hren Einblicke in ihr Wohnumfeld (kostenlos) Zeit: Samstag 15.00 Uhr Ort: Laubengangh\u00e4user, Peterholzstra\u00dfe (G) Die f\u00fcnf Laubengangh\u00e4user in der Peterholzstra\u00dfe und in der Mittelbreite sind Bestandteil einer Erweiterungsplanung f\u00fcr die Siedlung Dessau-T\u00f6rten, die von Hannes Meyer mit der Bauabteilung des Bauhauses 1930 erstellt wurde. Auf 47 Quadratmetern Fl\u00e4che [&hellip;]<\/p>\n","protected":false},"author":1,"featured_media":0,"parent":38,"menu_order":21,"comment_status":"open","ping_status":"open","template":"_template_60_40.php","meta":{"_acf_changed":false,"footnotes":""},"class_list":["post-1814","page","type-page","status-publish","hentry"],"acf":[],"_links":{"self":[{"href":"https:\/\/triennale-der-moderne.de\/2013\/wp-json\/wp\/v2\/pages\/1814"}],"collection":[{"href":"https:\/\/triennale-der-moderne.de\/2013\/wp-json\/wp\/v2\/pages"}],"about":[{"href":"https:\/\/triennale-der-moderne.de\/2013\/wp-json\/wp\/v2\/types\/page"}],"author":[{"embeddable":true,"href":"https:\/\/triennale-der-moderne.de\/2013\/wp-json\/wp\/v2\/users\/1"}],"replies":[{"embeddable":true,"href":"https:\/\/triennale-der-moderne.de\/2013\/wp-json\/wp\/v2\/comments?post=1814"}],"version-history":[{"count":0,"href":"https:\/\/triennale-der-moderne.de\/2013\/wp-json\/wp\/v2\/pages\/1814\/revisions"}],"up":[{"embeddable":true,"href":"https:\/\/triennale-der-moderne.de\/2013\/wp-json\/wp\/v2\/pages\/38"}],"wp:attachment":[{"href":"https:\/\/triennale-der-moderne.de\/2013\/wp-json\/wp\/v2\/media?parent=1814"}],"curies":[{"name":"wp","href":"https:\/\/api.w.org\/{rel}","templated":true}]}}